{"id":30,"date":"2023-08-25T09:56:38","date_gmt":"2023-08-25T07:56:38","guid":{"rendered":"https:\/\/hbveletrh.wordpress.com\/?page_id=30"},"modified":"2026-01-13T10:37:55","modified_gmt":"2026-01-13T09:37:55","slug":"informace-pro-navstevniky","status":"publish","type":"page","link":"http:\/\/www.hejkal.cz\/veletrh\/informace-pro-navstevniky\/","title":{"rendered":"Informace pro n\u00e1v\u0161t\u011bvn\u00edky"},"content":{"rendered":"\n<p><strong>36. Podzimn\u00ed kni\u017en\u00ed veletrh bude 16<\/strong>. <strong>a 17<\/strong>. <strong>\u0159\u00edjna 2026 v Havl\u00ed\u010dkov\u011b Brod\u011b<\/strong>. Jeho motto zn\u00ed Knihy jsou geni\u00e1ln\u00ed p\u0159\u00edtelkyn\u011b. Podrobn\u00e9 informace se na t\u011bchto str\u00e1nk\u00e1ch za\u010dnou objevovat na ja\u0159e.<\/p>\n\n\n\n<p><\/p>\n\n\n\n<p><strong>35. Podzimn\u00ed kni\u017en\u00ed veletrh p\u0159il\u00e1kal rekordn\u00ed po\u010det n\u00e1v\u0161t\u011bvn\u00edk\u016f<\/strong><\/p>\n\n\n\n<p>Na <strong>35. Podzimn\u00edm kni\u017en\u00edm veletrhu<\/strong>, kter\u00fd se konal 10. a 11. \u0159\u00edjna v Havl\u00ed\u010dkov\u011b Brod\u011b, vystavovalo a prod\u00e1valo knihy <strong>160 nakladatel\u016f<\/strong>. Z\u00e1jem o veletrh byl rekordn\u00ed, p\u0159i\u0161lo t\u00e9m\u011b\u0159 <strong>15&nbsp;000 n\u00e1v\u0161t\u011bvn\u00edk\u016f<\/strong>. V doprovodn\u00e9m programu se p\u0159i autogrami\u00e1d\u00e1ch, besed\u00e1ch a autorsk\u00fdch \u010dten\u00ed p\u0159edstavilo <strong>n\u011bkolik des\u00edtek spisovatel\u016f<\/strong> a Havl\u00ed\u010dk\u016fv Brod se tak na dva dny stal <strong>m\u011bstem s nejv\u011bt\u0161\u00ed hustotou spisovatel\u016f a knih na jednoho obyvatele<\/strong> nejen v Evrop\u011b, ale mo\u017en\u00e1 i na sv\u011bt\u011b. Mottem veletrhu byl Boj s v\u011btrn\u00fdmi ml\u00fdny. D\u011bkujeme v\u0161em, kdo na veletrh p\u0159i\u0161li a p\u0159ijeli a literaturu v tomto boji podpo\u0159ili.<\/p>\n\n\n\n<p>V\u00fdznamnou novinkou byla <strong>cena p\u0159edsedy Sen\u00e1tu Milo\u0161e Vystr\u010dila za knihu o svobod\u011b<\/strong>. Letos se ud\u00edlela poprv\u00e9 a z\u00edskal ji <strong>Petr T\u0159e\u0161\u0148\u00e1k<\/strong> za knihu D\u016fstojnost (vydalo Druh\u00e9 m\u011bsto). Knihy na Cenu p\u0159edsedy Sen\u00e1tu za knihu o svobod\u011b nominovali \u010dty\u0159i \u201ebookfluence\u0159i\u201c <strong>\u0160t\u011bp\u00e1nka Fefferov\u00e1<\/strong>, <strong>Jakub Pavlovsk\u00fd<\/strong>, <strong>Old\u0159ich Such\u00fd<\/strong> a <strong>Kamila V\u00ed\u0161kov\u00e1<\/strong>. Vyb\u00edrat mohli z p\u016fvodn\u00edch \u010desk\u00fdch d\u011bl, ve kter\u00fdch oni osobn\u011b spat\u0159uj\u00ed t\u00e9ma svobody, a kter\u00e1 z\u00e1rove\u0148 vy\u0161la v obdob\u00ed od ledna 2024 do srpna 2025. \u017d\u00e1nr knih nebyl omezen. Nominovali \u010dty\u0159i knihy \u2013 \u201edokument\u00e1rn\u00ed pov\u00eddky\u201c Bu\u010f p\u0159ipraven k ud\u00e1n\u00ed Milo\u0161e Dole\u017eala (Host), pov\u00eddky Barbory \u0160\u0165astn\u00e9 Prst\u00fdnek z dr\u00e1tu (Argo a Post bellum) a rom\u00e1n Kl\u00e1ry El\u0161\u00edkov\u00e9 Pacanka (Host) a D\u016fstojnost Petra T\u0159e\u0161\u0148\u00e1ka.<\/p>\n\n\n\n<p><em>\u201eSvobodn\u011b \u010d\u00edst takovou knihu, jakou bychom cht\u011bli, nebylo je\u0161t\u011b relativn\u011b ned\u00e1vno mo\u017en\u00e9. Jsem i proto r\u00e1d, \u017ee jsem na Podzimn\u00edm kni\u017en\u00edm veletrhu mohl jednu z knih o svobod\u011b, kterou mi navrhli kni\u017en\u00ed influence\u0159i, ocenit. Vybrat pouze jednu ze \u010dty\u0159 navr\u017een\u00fdch knih pro m\u011b bylo velmi obt\u00ed\u017en\u00e9. Rozhodnut\u00ed ocenit knihu s&nbsp;n\u00e1zvem D\u016fstojnost od Petra T\u0159e\u0161\u0148\u00e1ka bylo nakonec zp\u016fsobeno t\u00e9matem a probl\u00e9my, kter\u00e9 kniha otev\u0159en\u011b popisuje a pojmenov\u00e1v\u00e1,\u201c <\/em>uvedl p\u0159edseda Sen\u00e1tu <strong>Milo\u0161 Vystr\u010dil<\/strong>.<\/p>\n\n\n\n<p>V knize D\u016fstojnost novin\u00e1\u0159 <strong>Petr T\u0159e\u0161\u0148\u00e1k<\/strong> vypr\u00e1v\u00ed p\u0159\u00edb\u011bhy dvou \u017een s intelektov\u00fdm posti\u017een\u00edm a&nbsp;popisuje, \u017ee zem\u0159ely v d\u016fsledku nevhodn\u011b nastaven\u00e9ho syst\u00e9mu podpory v \u010desk\u00e9m zdravotnictv\u00ed a za\u0159\u00edzen\u00edch soci\u00e1ln\u00ed p\u00e9\u010de. V knize z\u00e1rove\u0148 nab\u00edz\u00ed p\u0159\u00edklady dobr\u00e9 praxe a n\u00e1vrhy na syst\u00e9mov\u00e9 zlep\u0161en\u00ed. V\u00edce informac\u00ed na str\u00e1nk\u00e1ch Sen\u00e1tu: <a href=\"https:\/\/www.senat.cz\/zpravodajstvi\/zprava.php?ke_dni=13.10.2025&amp;O=15&amp;id=3964&amp;from=V\">Sen\u00e1t P\u010cR : Aktualita: P\u0159edseda Sen\u00e1tu na veletrhu ocenil knihu o svobod\u011b, vybral d\u00edlo popisuj\u00edc\u00ed syst\u00e9movou p\u00e9\u010di o lidi s n\u00e1ro\u010dn\u00fdm chov\u00e1n\u00edm<\/a><\/p>\n\n\n\n<p><strong>Cenu Littera Astronomica<\/strong>, kterou ji\u017e po dvac\u00e1t\u00e9 \u010dtvrt\u00e9 na veletrhu ud\u00edlela \u010cesk\u00e1 astronomick\u00e1 spole\u010dnost, z\u00edskal <strong>Marcel B\u011bl\u00edk za v\u00fdjime\u010dn\u00fd p\u0159\u00ednos popularizaci astronomie<\/strong>. V\u00edce informac\u00ed zde: <a href=\"https:\/\/www.astro.cz\/userfiles\/files\/Tiskova_Prohlaseni\/tisk_328.pdf\">tisk_328.pdf<\/a><\/p>\n\n\n\n<p>Leto\u0161n\u00ed cenu <strong>za nejkr\u00e1sn\u011bj\u0161\u00ed knihu Kraje Vyso\u010dina<\/strong> (100&nbsp;000 K\u010d, polovina pro autora a polovina pro nakladatele) z\u00edskala kniha <strong>Havl\u00ed\u010dk\u016fv Brod \u2013 m\u011bsto na rozhran\u00ed<\/strong>. Na jeho vzniku se pod\u00edlelo&nbsp;11 autor\u016f v \u010dele s historikem <strong>Michalem Kampem<\/strong>. Vydaly jej&nbsp;Tisk\u00e1rny Havl\u00ed\u010dk\u016fv Brod, a.s. Na druh\u00e9m m\u00edst\u011b v t\u00e9to kategorii se um\u00edstily hned dv\u011b knihy, kter\u00e9 od poroty dostaly shodn\u00fd po\u010det bod\u016f. Jsou to tituly&nbsp;<strong>C\u00edrkevn\u00ed pam\u00e1tky v Havl\u00ed\u010dkov\u011b Brod\u011b<\/strong>, na kter\u00e9m se pod\u00edlel&nbsp;kolektiv autor\u016f pod veden\u00edm editora<strong> Martina Firona<\/strong>&nbsp;a kter\u00fd vydala&nbsp;Galerie a muzeum Vyso\u010diny Havl\u00ed\u010dk\u016fv Brod, a kniha&nbsp;<strong>Za tichem \u2013 Krabatinsk\u00e1 Vyso\u010dina<\/strong>. Tu napsal&nbsp;<strong>Milo\u0161 Dole\u017eal<\/strong>&nbsp;a vydalo&nbsp;nakladatelstv\u00ed Motto ze spole\u010dnosti Albatros Media. I t\u0159et\u00ed m\u00edsto obsadila dvojice knih, kter\u00e9 od poroty obdr\u017eely stejn\u00fd po\u010det bod\u016f. Jsou to publikace&nbsp;<strong>Pam\u011b\u0165 Vesel\u00e9ho \u017d\u010f\u00e1ru<\/strong>, kterou si sami napsali a pod hlavi\u010dkou&nbsp;Spolku Sousedsk\u00e1&nbsp;vydali&nbsp;obyvatel\u00e9obce Vesel\u00fd \u017d\u010f\u00e1r na Havl\u00ed\u010dkobrodsku, a kniha&nbsp;<strong>V\u016fn\u011b star\u00e9 apatyky: P\u0159\u00edb\u011bh l\u00e9k\u00e1ren N\u011bmeck\u00e9ho Brodu<\/strong>. Tu napsal a vydal&nbsp;<strong>V\u00edt Vodr\u00e1\u017eka<\/strong>.<\/p>\n\n\n\n<p><strong>Cenu m\u011bsta Havl\u00ed\u010dkova Brodu<\/strong> za nejkr\u00e1sn\u011bj\u0161\u00ed knihu Podzimn\u00edho kni\u017en\u00edho veletrhu z\u00edskala kniha&nbsp;<strong>Hynais<\/strong>. Tento dvousvazkov\u00fd, velkoform\u00e1tov\u00fd titul vydalo&nbsp;nakladatelstv\u00ed Academia&nbsp;a&nbsp;Galerie KODL. Jeho autorkou je&nbsp;<strong>Marie M\u017eykov\u00e1<\/strong>. Na druh\u00e9m m\u00edst\u011b v t\u00e9to kategorii se um\u00edstila kniha&nbsp;<strong>Jan Bla\u017eej Santini a sv\u011bt jeho architektury<\/strong>. Na jej\u00edm vzniku se pod\u00edlel&nbsp;kolektiv autor\u016f pod veden\u00edm editora<strong> Jakuba Bacht\u00edka<\/strong>&nbsp;a vydalo ji&nbsp;N\u00e1rodn\u00ed technick\u00e9 muzeumaKarolinum, nakladatelstv\u00ed Univerzity Karlovy. T\u0159et\u00ed m\u00edsto obsadil titul&nbsp;<strong>Such\u00fd a \u0160litr<\/strong>. Napsal jej&nbsp;<strong>Pavel Klus\u00e1k<\/strong>&nbsp;a vydalo&nbsp;nakladatelstv\u00ed Host.<\/p>\n\n\n\n<p><strong>Cenu Tisk\u00e1ren Havl\u00ed\u010dk\u016fv Brod, a.s.<\/strong> za nejkr\u00e1sn\u011bj\u0161\u00ed d\u011btskou knihu (sleva na v\u00fdrobu publikace ve v\u00fd\u0161i 35&nbsp;000 K\u010d) z\u00edskala kniha <strong>Nezvuky<\/strong>, kterou napsala <strong>Mark\u00e9ta V\u00edtkov\u00e1<\/strong>&nbsp;a vydal&nbsp;Spolek pro Sedl\u010dansko a Kr\u00e1lov\u00e9hradecko. Na druh\u00e9m m\u00edst\u011b v t\u00e9to kategorii se um\u00edstil pozoruhodn\u00fd titul&nbsp;<strong>Pod drnem&nbsp;<\/strong>od&nbsp;<strong>Kathariny von der Gathen<\/strong>, kter\u00fd vydalo&nbsp;nakladatelstv\u00ed Cesta dom\u016f. T\u0159et\u00ed m\u00edsto obsadily hned t\u0159i knihy, kter\u00e9 od poroty dostaly stejn\u00fd po\u010det bod\u016f. Jsou jimi nov\u00e9 zpracov\u00e1n\u00ed titulu&nbsp;<strong>Harry Potter a Tajemn\u00e1 komnata<\/strong>&nbsp;od&nbsp;<strong>J. K. Rowlingov\u00e9<\/strong>&nbsp;(Albatros), a d\u00e1le kniha&nbsp;<strong>Robina Kr\u00e1le Na pouti<\/strong>, vydan\u00e1&nbsp;nakladatelstv\u00edm Meander. To vydalo i dal\u0161\u00ed knihu um\u00edst\u011bnou na t\u0159et\u00edm m\u00edst\u011b, a sice titul&nbsp;<strong>Pozem\u0161\u0165an\u00e9<\/strong>&nbsp;od&nbsp;<strong>Ewy Solarz<\/strong>.<\/p>\n\n\n\n<p><strong>Anketu poslucha\u010d\u016f \u010cesk\u00e9ho rozhlasu Vyso\u010dina<\/strong> vyhr\u00e1la kniha <strong>Milo\u0161e Dole\u017eala Bu\u010f p\u0159ipraven k ud\u00e1n\u00ed<\/strong>. Dal\u0161\u00ed m\u00edsto ankety obsadil titul&nbsp;<strong>Pam\u011b\u0165 Vesel\u00e9ho \u017d\u010f\u00e1ru<\/strong>. Ten pod editorsk\u00fdm a autorsk\u00fdm veden\u00edm&nbsp;<strong>Petry Tajovsk\u00fd Posp\u011bchov\u00e9<\/strong>&nbsp;sestavili a vydali sami obyvatel\u00e9 obce Vesel\u00fd \u017d\u010f\u00e1r na Havl\u00ed\u010dkobrodsku, a to pod hlavi\u010dkou&nbsp;Spolku Sousedsk\u00e1. Na t\u0159et\u00ed p\u0159\u00ed\u010dce se um\u00edstila kniha&nbsp;<strong>V\u016fn\u011b star\u00e9 apatyky: P\u0159\u00edb\u011bh l\u00e9k\u00e1ren N\u011bmeck\u00e9ho Brodu<\/strong>. Napsal ji a vydal&nbsp;<strong>V\u00edt Vodr\u00e1\u017eka<\/strong>. V\u00edce informac\u00ed o v\u0161ech \u010dty\u0159ech cen\u00e1ch lze naj\u00edt na str\u00e1nk\u00e1ch Krajsk\u00e9 knihovny Vyso\u010diny: <a href=\"https:\/\/www.kkvysociny.cz\/archiv-novinek\/soutez-o-nejkrasnejsi-knihy-vitezove-2025\">Sout\u011b\u017e O nejkr\u00e1sn\u011bj\u0161\u00ed knihy \u2013 v\u00edt\u011bzov\u00e9 2025 | Krajsk\u00e1 knihovna Vyso\u010diny v Havl\u00ed\u010dkov\u011b Brod\u011b<\/a>.<\/p>\n\n\n\n<p>Agentura M\u00e1m talent letos po\u010dtvrt\u00e9 ud\u011blila na veletrhu cenu <strong>Talent roku<\/strong>. Z\u00edskala ji <strong>Michaela H\u00e1nov\u00e1<\/strong> za knihu P\u00e1n blesk\u016f \u2013 Neuv\u011b\u0159iteln\u00fd p\u0159\u00edb\u011bh vyn\u00e1lezce Nikoly Tesly. V\u00edce informac\u00ed zde: <a href=\"https:\/\/www.mam-talent.cz\/posudky\/talent-roku\/vitez-4-rocniku\/\">V\u00edt\u011bz 4. ro\u010dn\u00edku | liter\u00e1rn\u00ed agentura M\u00c1M TALENT, s.r.o.<\/a><\/p>\n\n\n\n<p>V sout\u011b\u017ei <strong>Malovan\u00e9 kni\u017en\u00ed dobrodru\u017estv\u00ed<\/strong>, kterou uspo\u0159\u00e1dalo d\u011btsk\u00e9 odd\u011blen\u00ed Krajsk\u00e9 knihovny Vyso\u010diny na motivy knih <strong>Aleny Morn\u0161tajnov\u00e9<\/strong> Modr\u00e1 planeta a <strong>Mark\u00e9ty Hejkalov\u00e9<\/strong> Kdo se ztratil v Laponsku, byly ocen\u011bny kolektivy z M\u0160 Her\u00e1lec, Horn\u00ed t\u0159\u00edda, ze Z\u0160 Kone\u010dn\u00e1, 4. A, Z\u0160 \u0160t\u00e1flova, 2. A, Z\u0160 V\u011b\u017e, 1. \u2013 2. t\u0159\u00edda a Z\u0160 V\u011b\u017enice, 1. \u2013 4. t\u0159\u00edda. D\u00e1le byli ocen\u011bni jednotlivci. V kategorii mate\u0159sk\u00fdch \u0161kol to byli: <strong>Kate\u0159ina Fi\u0161erov\u00e1, Barbora Jindrov\u00e1, Valent\u00fdna Merunkov\u00e1, Dita Sommerov\u00e1 a Josef Vencovsk\u00fd<\/strong>. V kategorii z\u00e1kladn\u00edch \u0161kol byli ocen\u011bni <strong>Gabriela Bul\u00e1nkov\u00e1, Sofie Dubnov\u00e1, Vojt\u011bch Havel, Leona Ka\u0161\u00edkov\u00e1, Ad\u00e9la Krep\u010d\u00edkov\u00e1, Karol\u00edna Majerov\u00e1, Kry\u0161tof Mi\u0161ta, Tereza Petrovi\u010dov\u00e1, And\u011bla Plechat\u00e1, Sofie \u0158ezn\u00ed\u010dkov\u00e1, Dominika Sukov\u00e1, Franti\u0161ek \u0160otola, Ema Treglerov\u00e1, \u017dofie Vajdov\u00e1 <\/strong>a<strong> Mat\u011bj Zima<\/strong>.<\/p>\n\n\n\n<p><strong>M\u011bsto Havl\u00ed\u010dk\u016fv Brod<\/strong> op\u011bt v leto\u0161n\u00edm roce podpo\u0159ilo \u00fa\u010dast \u0159ady autor\u016f, kte\u0159\u00ed vystoupili v doprovodn\u00e9m programu v r\u00e1mci <strong>liter\u00e1rn\u00edho festivalu Kni\u017en\u00ed Havl\u00ed\u010dk\u016fv Brod<\/strong>. Byli to: <strong>Alena Morn\u0161tajnov\u00e1, Michal Viewegh, Pavla Hor\u00e1kov\u00e1, Milo\u0161 Urban, Mark\u00e9ta Pr\u00e1\u0161kov\u00e1, \u0160t\u011bp\u00e1n Jav\u016frek, Petra Dvo\u0159\u00e1kov\u00e1, Pavel Bar\u0161a, Michaela Klevisov\u00e1, Ji\u0159\u00ed Padev\u011bt, Martin Reiner, Petr Stan\u010d\u00edk, Robin Kr\u00e1l, Michal S\u00fdkora, Lucie \u0160ilhov\u00e1, Jan \u0160tifter a dal\u0161\u00ed.<\/strong><\/p>\n\n\n\n<p>P\u0159\u00ed\u0161t\u00ed <strong>36. Podzimn\u00ed kni\u017en\u00ed veletrh<\/strong> se bude konat <strong>16. a 17. \u0159\u00edjna 2026<\/strong> <strong>v Havl\u00ed\u010dkov\u011b Brod\u011b<\/strong> a jeho motto zn\u00ed: <strong>Knihy jsou geni\u00e1ln\u00ed p\u0159\u00edtelkyn\u011b<\/strong>. P\u0159ihl\u00e1\u0161ka a dal\u0161\u00ed informace jsou u\u017e te\u010f na str\u00e1nk\u00e1ch: <a href=\"https:\/\/www.hejkal.cz\/veletrh\/informace-pro-vystavovatele\/prihlaska\/\">P\u0159ihl\u00e1\u0161ka na 36. Podzimn\u00ed kni\u017en\u00ed veletrh \u2013 35. Podzimn\u00ed kni\u017en\u00ed veletrh<\/a><\/p>\n\n\n\n<p>Dvoudenn\u00ed slosovateln\u00e1 a p\u0159enosn\u00e1 vstupenka plat\u00ed na veletrh a tak\u00e9 do Galerie a muzea Vyso\u010diny v Havl\u00ed\u010dkov\u011b Brod\u011b a m\u016f\u017eete na ni vyhr\u00e1t knihy a jin\u00e9 zaj\u00edmav\u00e9 ceny. Vstupenka bude st\u00e1t 90 K\u010d a bude mo\u017en\u00e9 si ji koupit p\u0159\u00edmo u pokladny veletrhu nebo p\u0159edem elektronicky na str\u00e1nk\u00e1ch Kulturn\u00edho domu Ostrov <a href=\"https:\/\/www.kdostrov.cz\/35-podzimni-knizni-veletrh-10-11-10-2025\" data-type=\"URL\" data-id=\"https:\/\/www.kdostrov.cz\/35-podzimni-knizni-veletrh-10-11-10-2025\">elektronick\u00e1 vstupenka<\/a> . Elektronick\u00e1 vstupenka nen\u00ed slosovateln\u00e1. Vstupenka pro \u0161koly m\u00e1 stejnou platnost, ale bude st\u00e1t jen 15 K\u010d.<\/p>\n\n\n\n<p><b>M\u00edsto kon\u00e1n\u00ed:<\/b><br>Kulturn\u00ed d\u016fm Ostrov, Na Ostrov\u011b 28, Havl\u00ed\u010dk\u016fv Brod&nbsp; &nbsp; &nbsp; &nbsp; &nbsp; &nbsp; &nbsp; &nbsp; &nbsp; &nbsp; &nbsp; &nbsp; &nbsp; &nbsp; &nbsp; &nbsp; &nbsp; &nbsp; &nbsp; &nbsp; &nbsp; &nbsp; <\/p>\n\n\n\n<p>Krajsk\u00e1&nbsp;knihovna Vyso\u010diny, \u017di\u017ekova 4344, Havl\u00ed\u010dk\u016fv Brod (\u010d\u00e1st doprovodn\u00fdch program\u016f).<\/p>\n\n\n\n<p><\/p>\n\n\n\n<p><\/p>\n\n\n\n<!--more-->\n\n\n\n<p><b><\/b><b>Otv\u00edrac\u00ed doba:<\/b><\/p>\n\n\n\n<p>p\u00e1tek 10. \u0159\u00edjna od 10 do 19 hodin<\/p>\n\n\n\n<p>sobota 11. \u0159\u00edjna od 9 do 17 hodin<\/p>\n\n\n\n<p><strong>Vstupn\u00e9<\/strong><\/p>\n\n\n\n<p>Dvoudenn\u00ed slosovateln\u00e1 vstupenka stoj\u00ed 90 K\u010d. Pokud p\u0159edlo\u017e\u00edte vstupenku z lo\u0148sk\u00e9ho veletrhu, m\u016f\u017eete si tu leto\u0161n\u00ed koupit za polovi\u010dn\u00ed cenu, tedy za 45 K\u010d. Vstupenka plat\u00ed na 35. Podzimn\u00ed kni\u017en\u00ed veletrh (neomezen\u011b po celou dobu veletrhu), do Galerie a muzea Vyso\u010diny v Havl\u00ed\u010dkov\u011b Brod\u011b a na doprovodn\u00e9 programy v Kulturn\u00edm dom\u011b Ostrov a v Krajsk\u00e9 knihovn\u011b Vyso\u010diny. Neplat\u00ed na koncerty Tata Bojs, Na\u0161rot ani na veletr\u017en\u00ed afterparty (Vzpom\u00ednka na Marsyas). V\u0161echny t\u0159i se konaj\u00ed v klubu OKO na Smetanov\u011b n\u00e1m\u011bst\u00ed a vstupenky lze rezervovat na adrese <a href=\"mailto:kletecka@thb.cz\">kletecka@thb.cz<\/a>, tel. 602 567&nbsp;728. Vstupenka pro \u0161koly m\u00e1 stejnou platnost, ale stoj\u00ed jen 15 K\u010d.<\/p>\n\n\n\n<p>I letos bude mo\u017en\u00e9 koupit si i <a href=\"https:\/\/www.kdostrov.cz\/35-podzimni-knizni-veletrh-10-11-10-2025\">elektronickou vstupenku<\/a>.&nbsp;&nbsp;Elektronick\u00e1 vstupenka nen\u00ed slosovateln\u00e1.<\/p>\n\n\n\n<p><strong>Losov\u00e1n\u00ed vstupenek<\/strong><\/p>\n\n\n\n<p>Losov\u00e1n\u00ed vstupenek o kni\u017en\u00ed a jin\u00e9 ceny prob\u011bhne v sobotu 11. \u0159\u00edjna v 16 hodin na jevi\u0161ti Kulturn\u00edho domu Ostrov. Cenu m\u016f\u017ee z\u00edskat jen ten, kdo bude p\u0159i losov\u00e1n\u00ed p\u0159\u00edtomen. Ceny v\u011bnuj\u00ed cestovn\u00ed kancel\u00e1\u0159 M TOUR (sleva na z\u00e1jezd ve v\u00fd\u0161i 2&nbsp;000 K\u010d, www.mtour.cz), <strong>Pozdn\u00ed sb\u011br<\/strong> s.r.o. (kolekce francouzsk\u00fdch v\u00edn, www.pozdnisberhb.cz), <strong>Z\u00e1mek Kvasetice<\/strong> (poukaz na degusta\u010dn\u00ed menu pro dv\u011b osoby, www.zamek-kvasetice.com), <strong>Potraviny Hejkal<\/strong> (dv\u011b pouk\u00e1zky na n\u00e1kup v hodnot\u011b 500 K\u010d, www.hejkal.cz), <strong>Nakladatelstv\u00ed Hejkal<\/strong> (kolekce knih rakousk\u00e9ho autora Andrease Pittlera a kolekce knih finsk\u00e9ho humoristy Arta Paasilinny, www.hejkal.cz) aj.<\/p>\n\n\n\n<p><\/p>\n\n\n\n<p>Doprovodn\u00fd program najdete <a href=\"https:\/\/www.hejkal.cz\/veletrh\/doprovodny-program\/\" data-type=\"URL\" data-id=\"https:\/\/www.hejkal.cz\/veletrh\/doprovodny-program\/\">zde.<\/a><\/p>\n\n\n\n\n\n\n\n\n\n\n\n\n\n\n\n\n\n\n\n\n\n\n\n\n\n\n\n<figure class=\"wp-block-gallery has-nested-images columns-3 is-cropped wp-block-gallery-1 is-layout-flex\">\n<figure class=\"wp-block-image size-large\"><img decoding=\"async\" loading=\"lazy\" width=\"1024\" height=\"683\" data-id=\"2166\"  src=\"https:\/\/www.hejkal.cz\/veletrh\/wp-content\/uploads\/2023\/11\/585_knizni-trh_2023_knihovna-Mornstajnova-cteni-1024x683.jpg\" alt=\"\" class=\"wp-image-2166\" srcset=\"http:\/\/www.hejkal.cz\/veletrh\/wp-content\/uploads\/2023\/11\/585_knizni-trh_2023_knihovna-Mornstajnova-cteni-1024x683.jpg 1024w, http:\/\/www.hejkal.cz\/veletrh\/wp-content\/uploads\/2023\/11\/585_knizni-trh_2023_knihovna-Mornstajnova-cteni-300x200.jpg 300w, http:\/\/www.hejkal.cz\/veletrh\/wp-content\/uploads\/2023\/11\/585_knizni-trh_2023_knihovna-Mornstajnova-cteni-768x512.jpg 768w\" sizes=\"(max-width: 1024px) 100vw, 1024px\" \/><\/figure>\n\n\n\n<figure class=\"wp-block-image size-large\"><img decoding=\"async\" loading=\"lazy\" width=\"1024\" height=\"683\" data-id=\"2185\"  src=\"https:\/\/www.hejkal.cz\/veletrh\/wp-content\/uploads\/2023\/11\/342_knizni-trh_2023_k\u0159est-knihy-Klosar-1024x683.jpg\" alt=\"\" class=\"wp-image-2185\" srcset=\"http:\/\/www.hejkal.cz\/veletrh\/wp-content\/uploads\/2023\/11\/342_knizni-trh_2023_k\u0159est-knihy-Klosar-1024x683.jpg 1024w, http:\/\/www.hejkal.cz\/veletrh\/wp-content\/uploads\/2023\/11\/342_knizni-trh_2023_k\u0159est-knihy-Klosar-300x200.jpg 300w, http:\/\/www.hejkal.cz\/veletrh\/wp-content\/uploads\/2023\/11\/342_knizni-trh_2023_k\u0159est-knihy-Klosar-768x512.jpg 768w\" sizes=\"(max-width: 1024px) 100vw, 1024px\" \/><\/figure>\n\n\n\n<figure class=\"wp-block-image size-large\"><img decoding=\"async\" loading=\"lazy\" width=\"1024\" height=\"683\" data-id=\"2186\"  src=\"https:\/\/www.hejkal.cz\/veletrh\/wp-content\/uploads\/2023\/11\/357_knizni-trh_2023_k\u0159est-knihy-Klosar-1024x683.jpg\" alt=\"\" class=\"wp-image-2186\" srcset=\"http:\/\/www.hejkal.cz\/veletrh\/wp-content\/uploads\/2023\/11\/357_knizni-trh_2023_k\u0159est-knihy-Klosar-1024x683.jpg 1024w, http:\/\/www.hejkal.cz\/veletrh\/wp-content\/uploads\/2023\/11\/357_knizni-trh_2023_k\u0159est-knihy-Klosar-300x200.jpg 300w, http:\/\/www.hejkal.cz\/veletrh\/wp-content\/uploads\/2023\/11\/357_knizni-trh_2023_k\u0159est-knihy-Klosar-768x512.jpg 768w\" sizes=\"(max-width: 1024px) 100vw, 1024px\" \/><\/figure>\n\n\n\n<figure class=\"wp-block-image size-large\"><img decoding=\"async\" loading=\"lazy\" width=\"1024\" height=\"683\" data-id=\"2187\"  src=\"https:\/\/www.hejkal.cz\/veletrh\/wp-content\/uploads\/2023\/11\/364_knizni-trh_2023_k\u0159est-knihy-Klosar-1024x683.jpg\" alt=\"\" class=\"wp-image-2187\" srcset=\"http:\/\/www.hejkal.cz\/veletrh\/wp-content\/uploads\/2023\/11\/364_knizni-trh_2023_k\u0159est-knihy-Klosar-1024x683.jpg 1024w, http:\/\/www.hejkal.cz\/veletrh\/wp-content\/uploads\/2023\/11\/364_knizni-trh_2023_k\u0159est-knihy-Klosar-300x200.jpg 300w, http:\/\/www.hejkal.cz\/veletrh\/wp-content\/uploads\/2023\/11\/364_knizni-trh_2023_k\u0159est-knihy-Klosar-768x512.jpg 768w\" sizes=\"(max-width: 1024px) 100vw, 1024px\" \/><\/figure>\n\n\n\n<figure class=\"wp-block-image size-large\"><img decoding=\"async\" loading=\"lazy\" width=\"1024\" height=\"683\" data-id=\"2191\"  src=\"https:\/\/www.hejkal.cz\/veletrh\/wp-content\/uploads\/2023\/11\/423_knizni-trh_2023_autogramiada-Ales-Palan-1024x683.jpg\" alt=\"\" class=\"wp-image-2191\" srcset=\"http:\/\/www.hejkal.cz\/veletrh\/wp-content\/uploads\/2023\/11\/423_knizni-trh_2023_autogramiada-Ales-Palan-1024x683.jpg 1024w, http:\/\/www.hejkal.cz\/veletrh\/wp-content\/uploads\/2023\/11\/423_knizni-trh_2023_autogramiada-Ales-Palan-300x200.jpg 300w, http:\/\/www.hejkal.cz\/veletrh\/wp-content\/uploads\/2023\/11\/423_knizni-trh_2023_autogramiada-Ales-Palan-768x512.jpg 768w\" sizes=\"(max-width: 1024px) 100vw, 1024px\" \/><\/figure>\n\n\n\n<figure class=\"wp-block-image size-large\"><img decoding=\"async\" loading=\"lazy\" width=\"683\" height=\"1024\" data-id=\"2190\"  src=\"https:\/\/www.hejkal.cz\/veletrh\/wp-content\/uploads\/2023\/11\/419_knizni-trh_2023_autogramiada-Ales-Palan-683x1024.jpg\" alt=\"\" class=\"wp-image-2190\" srcset=\"http:\/\/www.hejkal.cz\/veletrh\/wp-content\/uploads\/2023\/11\/419_knizni-trh_2023_autogramiada-Ales-Palan-683x1024.jpg 683w, http:\/\/www.hejkal.cz\/veletrh\/wp-content\/uploads\/2023\/11\/419_knizni-trh_2023_autogramiada-Ales-Palan-200x300.jpg 200w, http:\/\/www.hejkal.cz\/veletrh\/wp-content\/uploads\/2023\/11\/419_knizni-trh_2023_autogramiada-Ales-Palan-768x1152.jpg 768w, http:\/\/www.hejkal.cz\/veletrh\/wp-content\/uploads\/2023\/11\/419_knizni-trh_2023_autogramiada-Ales-Palan.jpg 1667w\" sizes=\"(max-width: 683px) 100vw, 683px\" \/><\/figure>\n\n\n\n<figure class=\"wp-block-image size-large\"><img decoding=\"async\" loading=\"lazy\" width=\"1024\" height=\"683\" data-id=\"2189\"  src=\"https:\/\/www.hejkal.cz\/veletrh\/wp-content\/uploads\/2023\/11\/395_knizni-trh_2023_autogramiada-Ales-Palan-1024x683.jpg\" alt=\"\" class=\"wp-image-2189\" srcset=\"http:\/\/www.hejkal.cz\/veletrh\/wp-content\/uploads\/2023\/11\/395_knizni-trh_2023_autogramiada-Ales-Palan-1024x683.jpg 1024w, http:\/\/www.hejkal.cz\/veletrh\/wp-content\/uploads\/2023\/11\/395_knizni-trh_2023_autogramiada-Ales-Palan-300x200.jpg 300w, http:\/\/www.hejkal.cz\/veletrh\/wp-content\/uploads\/2023\/11\/395_knizni-trh_2023_autogramiada-Ales-Palan-768x512.jpg 768w\" sizes=\"(max-width: 1024px) 100vw, 1024px\" \/><\/figure>\n\n\n\n<figure class=\"wp-block-image size-large\"><img decoding=\"async\" loading=\"lazy\" width=\"1024\" height=\"683\" data-id=\"2188\"  src=\"https:\/\/www.hejkal.cz\/veletrh\/wp-content\/uploads\/2023\/11\/368_knizni-trh_2023_k\u0159est-knihy-Klosar-1024x683.jpg\" alt=\"\" class=\"wp-image-2188\" srcset=\"http:\/\/www.hejkal.cz\/veletrh\/wp-content\/uploads\/2023\/11\/368_knizni-trh_2023_k\u0159est-knihy-Klosar-1024x683.jpg 1024w, http:\/\/www.hejkal.cz\/veletrh\/wp-content\/uploads\/2023\/11\/368_knizni-trh_2023_k\u0159est-knihy-Klosar-300x200.jpg 300w, http:\/\/www.hejkal.cz\/veletrh\/wp-content\/uploads\/2023\/11\/368_knizni-trh_2023_k\u0159est-knihy-Klosar-768x512.jpg 768w\" sizes=\"(max-width: 1024px) 100vw, 1024px\" \/><\/figure>\n\n\n\n<figure class=\"wp-block-image size-large\"><img decoding=\"async\" loading=\"lazy\" width=\"1024\" height=\"683\" data-id=\"2195\"  src=\"https:\/\/www.hejkal.cz\/veletrh\/wp-content\/uploads\/2023\/11\/492_knizni-trh_2023_autogramiada-Petra-Dvorakova-1024x683.jpg\" alt=\"\" class=\"wp-image-2195\" srcset=\"http:\/\/www.hejkal.cz\/veletrh\/wp-content\/uploads\/2023\/11\/492_knizni-trh_2023_autogramiada-Petra-Dvorakova-1024x683.jpg 1024w, http:\/\/www.hejkal.cz\/veletrh\/wp-content\/uploads\/2023\/11\/492_knizni-trh_2023_autogramiada-Petra-Dvorakova-300x200.jpg 300w, http:\/\/www.hejkal.cz\/veletrh\/wp-content\/uploads\/2023\/11\/492_knizni-trh_2023_autogramiada-Petra-Dvorakova-768x512.jpg 768w\" sizes=\"(max-width: 1024px) 100vw, 1024px\" \/><\/figure>\n\n\n\n<figure class=\"wp-block-image size-large\"><img decoding=\"async\" loading=\"lazy\" width=\"683\" height=\"1024\" data-id=\"2194\"  src=\"https:\/\/www.hejkal.cz\/veletrh\/wp-content\/uploads\/2023\/11\/486_knizni-trh_2023_autogramiada-Petra-Dvorakova-683x1024.jpg\" alt=\"\" class=\"wp-image-2194\" srcset=\"http:\/\/www.hejkal.cz\/veletrh\/wp-content\/uploads\/2023\/11\/486_knizni-trh_2023_autogramiada-Petra-Dvorakova-683x1024.jpg 683w, http:\/\/www.hejkal.cz\/veletrh\/wp-content\/uploads\/2023\/11\/486_knizni-trh_2023_autogramiada-Petra-Dvorakova-200x300.jpg 200w, http:\/\/www.hejkal.cz\/veletrh\/wp-content\/uploads\/2023\/11\/486_knizni-trh_2023_autogramiada-Petra-Dvorakova-768x1152.jpg 768w, http:\/\/www.hejkal.cz\/veletrh\/wp-content\/uploads\/2023\/11\/486_knizni-trh_2023_autogramiada-Petra-Dvorakova.jpg 1667w\" sizes=\"(max-width: 683px) 100vw, 683px\" \/><\/figure>\n\n\n\n<figure class=\"wp-block-image size-large\"><img decoding=\"async\" loading=\"lazy\" width=\"1024\" height=\"683\" data-id=\"2193\"  src=\"https:\/\/www.hejkal.cz\/veletrh\/wp-content\/uploads\/2023\/11\/450_knizni-trh_2023_cteni-Kabrtova-Bobek-1024x683.jpg\" alt=\"\" class=\"wp-image-2193\" srcset=\"http:\/\/www.hejkal.cz\/veletrh\/wp-content\/uploads\/2023\/11\/450_knizni-trh_2023_cteni-Kabrtova-Bobek-1024x683.jpg 1024w, http:\/\/www.hejkal.cz\/veletrh\/wp-content\/uploads\/2023\/11\/450_knizni-trh_2023_cteni-Kabrtova-Bobek-300x200.jpg 300w, http:\/\/www.hejkal.cz\/veletrh\/wp-content\/uploads\/2023\/11\/450_knizni-trh_2023_cteni-Kabrtova-Bobek-768x512.jpg 768w\" sizes=\"(max-width: 1024px) 100vw, 1024px\" \/><\/figure>\n\n\n\n<figure class=\"wp-block-image size-large\"><img decoding=\"async\" loading=\"lazy\" width=\"1024\" height=\"683\" data-id=\"2192\"  src=\"https:\/\/www.hejkal.cz\/veletrh\/wp-content\/uploads\/2023\/11\/439_knizni-trh_2023_cteni-Kabrtova-Bobek-1024x683.jpg\" alt=\"\" class=\"wp-image-2192\" srcset=\"http:\/\/www.hejkal.cz\/veletrh\/wp-content\/uploads\/2023\/11\/439_knizni-trh_2023_cteni-Kabrtova-Bobek-1024x683.jpg 1024w, http:\/\/www.hejkal.cz\/veletrh\/wp-content\/uploads\/2023\/11\/439_knizni-trh_2023_cteni-Kabrtova-Bobek-300x200.jpg 300w, http:\/\/www.hejkal.cz\/veletrh\/wp-content\/uploads\/2023\/11\/439_knizni-trh_2023_cteni-Kabrtova-Bobek-768x512.jpg 768w\" sizes=\"(max-width: 1024px) 100vw, 1024px\" \/><\/figure>\n\n\n\n<figure class=\"wp-block-image size-large\"><img decoding=\"async\" loading=\"lazy\" width=\"1024\" height=\"683\" data-id=\"2196\"  src=\"https:\/\/www.hejkal.cz\/veletrh\/wp-content\/uploads\/2023\/11\/519_knizni-trh_2023_knihovna-Hulova-cteni-1024x683.jpg\" alt=\"\" class=\"wp-image-2196\" srcset=\"http:\/\/www.hejkal.cz\/veletrh\/wp-content\/uploads\/2023\/11\/519_knizni-trh_2023_knihovna-Hulova-cteni-1024x683.jpg 1024w, http:\/\/www.hejkal.cz\/veletrh\/wp-content\/uploads\/2023\/11\/519_knizni-trh_2023_knihovna-Hulova-cteni-300x200.jpg 300w, http:\/\/www.hejkal.cz\/veletrh\/wp-content\/uploads\/2023\/11\/519_knizni-trh_2023_knihovna-Hulova-cteni-768x512.jpg 768w\" sizes=\"(max-width: 1024px) 100vw, 1024px\" \/><\/figure>\n\n\n\n<figure class=\"wp-block-image size-large\"><img decoding=\"async\" loading=\"lazy\" width=\"1024\" height=\"683\" data-id=\"2197\"  src=\"https:\/\/www.hejkal.cz\/veletrh\/wp-content\/uploads\/2023\/11\/521_knizni-trh_2023_knihovna-Hulova-cteni-1024x683.jpg\" alt=\"\" class=\"wp-image-2197\" srcset=\"http:\/\/www.hejkal.cz\/veletrh\/wp-content\/uploads\/2023\/11\/521_knizni-trh_2023_knihovna-Hulova-cteni-1024x683.jpg 1024w, http:\/\/www.hejkal.cz\/veletrh\/wp-content\/uploads\/2023\/11\/521_knizni-trh_2023_knihovna-Hulova-cteni-300x200.jpg 300w, http:\/\/www.hejkal.cz\/veletrh\/wp-content\/uploads\/2023\/11\/521_knizni-trh_2023_knihovna-Hulova-cteni-768x512.jpg 768w\" sizes=\"(max-width: 1024px) 100vw, 1024px\" \/><\/figure>\n\n\n\n<figure class=\"wp-block-image size-large\"><img decoding=\"async\" loading=\"lazy\" width=\"1024\" height=\"683\" data-id=\"2198\"  src=\"https:\/\/www.hejkal.cz\/veletrh\/wp-content\/uploads\/2023\/11\/533_knizni-trh_2023_knihovna-Hulova-cteni-1024x683.jpg\" alt=\"\" class=\"wp-image-2198\" srcset=\"http:\/\/www.hejkal.cz\/veletrh\/wp-content\/uploads\/2023\/11\/533_knizni-trh_2023_knihovna-Hulova-cteni-1024x683.jpg 1024w, http:\/\/www.hejkal.cz\/veletrh\/wp-content\/uploads\/2023\/11\/533_knizni-trh_2023_knihovna-Hulova-cteni-300x200.jpg 300w, http:\/\/www.hejkal.cz\/veletrh\/wp-content\/uploads\/2023\/11\/533_knizni-trh_2023_knihovna-Hulova-cteni-768x512.jpg 768w\" sizes=\"(max-width: 1024px) 100vw, 1024px\" \/><\/figure>\n\n\n\n<figure class=\"wp-block-image size-large\"><img decoding=\"async\" loading=\"lazy\" width=\"1024\" height=\"683\" data-id=\"2199\"  src=\"https:\/\/www.hejkal.cz\/veletrh\/wp-content\/uploads\/2023\/11\/541_knizni-trh_2023_knihovna-Hulova-cteni-1024x683.jpg\" alt=\"\" class=\"wp-image-2199\" srcset=\"http:\/\/www.hejkal.cz\/veletrh\/wp-content\/uploads\/2023\/11\/541_knizni-trh_2023_knihovna-Hulova-cteni-1024x683.jpg 1024w, http:\/\/www.hejkal.cz\/veletrh\/wp-content\/uploads\/2023\/11\/541_knizni-trh_2023_knihovna-Hulova-cteni-300x200.jpg 300w, http:\/\/www.hejkal.cz\/veletrh\/wp-content\/uploads\/2023\/11\/541_knizni-trh_2023_knihovna-Hulova-cteni-768x512.jpg 768w\" sizes=\"(max-width: 1024px) 100vw, 1024px\" \/><\/figure>\n\n\n\n<figure class=\"wp-block-image size-large\"><img decoding=\"async\" loading=\"lazy\" width=\"1024\" height=\"683\" data-id=\"2200\"  src=\"https:\/\/www.hejkal.cz\/veletrh\/wp-content\/uploads\/2023\/11\/575_knizni-trh_2023_knihovna-Mornstajnova-cteni-1024x683.jpg\" alt=\"\" class=\"wp-image-2200\" srcset=\"http:\/\/www.hejkal.cz\/veletrh\/wp-content\/uploads\/2023\/11\/575_knizni-trh_2023_knihovna-Mornstajnova-cteni-1024x683.jpg 1024w, http:\/\/www.hejkal.cz\/veletrh\/wp-content\/uploads\/2023\/11\/575_knizni-trh_2023_knihovna-Mornstajnova-cteni-300x200.jpg 300w, http:\/\/www.hejkal.cz\/veletrh\/wp-content\/uploads\/2023\/11\/575_knizni-trh_2023_knihovna-Mornstajnova-cteni-768x512.jpg 768w\" sizes=\"(max-width: 1024px) 100vw, 1024px\" \/><\/figure>\n\n\n\n<figure class=\"wp-block-image size-large\"><img decoding=\"async\" loading=\"lazy\" width=\"1024\" height=\"683\" data-id=\"2201\"  src=\"https:\/\/www.hejkal.cz\/veletrh\/wp-content\/uploads\/2023\/11\/576_knizni-trh_2023_knihovna-Mornstajnova-cteni-1024x683.jpg\" alt=\"\" class=\"wp-image-2201\" srcset=\"http:\/\/www.hejkal.cz\/veletrh\/wp-content\/uploads\/2023\/11\/576_knizni-trh_2023_knihovna-Mornstajnova-cteni-1024x683.jpg 1024w, http:\/\/www.hejkal.cz\/veletrh\/wp-content\/uploads\/2023\/11\/576_knizni-trh_2023_knihovna-Mornstajnova-cteni-300x200.jpg 300w, http:\/\/www.hejkal.cz\/veletrh\/wp-content\/uploads\/2023\/11\/576_knizni-trh_2023_knihovna-Mornstajnova-cteni-768x512.jpg 768w\" sizes=\"(max-width: 1024px) 100vw, 1024px\" \/><\/figure>\n\n\n\n<figure class=\"wp-block-image size-large\"><img decoding=\"async\" loading=\"lazy\" width=\"1024\" height=\"683\" data-id=\"2202\"  src=\"https:\/\/www.hejkal.cz\/veletrh\/wp-content\/uploads\/2023\/11\/599_knizni-trh_2023_knihovna-Mornstajnova-cteni-1024x683.jpg\" alt=\"\" class=\"wp-image-2202\" srcset=\"http:\/\/www.hejkal.cz\/veletrh\/wp-content\/uploads\/2023\/11\/599_knizni-trh_2023_knihovna-Mornstajnova-cteni-1024x683.jpg 1024w, http:\/\/www.hejkal.cz\/veletrh\/wp-content\/uploads\/2023\/11\/599_knizni-trh_2023_knihovna-Mornstajnova-cteni-300x200.jpg 300w, http:\/\/www.hejkal.cz\/veletrh\/wp-content\/uploads\/2023\/11\/599_knizni-trh_2023_knihovna-Mornstajnova-cteni-768x512.jpg 768w\" sizes=\"(max-width: 1024px) 100vw, 1024px\" \/><\/figure>\n\n\n\n<figure class=\"wp-block-image size-large\"><img decoding=\"async\" loading=\"lazy\" width=\"1024\" height=\"683\" data-id=\"2203\"  src=\"https:\/\/www.hejkal.cz\/veletrh\/wp-content\/uploads\/2023\/11\/791_knizni-trh_2023_Z.Jancarik-Cesky-buh-1024x683.jpg\" alt=\"\" class=\"wp-image-2203\" srcset=\"http:\/\/www.hejkal.cz\/veletrh\/wp-content\/uploads\/2023\/11\/791_knizni-trh_2023_Z.Jancarik-Cesky-buh-1024x683.jpg 1024w, http:\/\/www.hejkal.cz\/veletrh\/wp-content\/uploads\/2023\/11\/791_knizni-trh_2023_Z.Jancarik-Cesky-buh-300x200.jpg 300w, http:\/\/www.hejkal.cz\/veletrh\/wp-content\/uploads\/2023\/11\/791_knizni-trh_2023_Z.Jancarik-Cesky-buh-768x512.jpg 768w\" sizes=\"(max-width: 1024px) 100vw, 1024px\" \/><\/figure>\n\n\n\n<figure class=\"wp-block-image size-large\"><img decoding=\"async\" loading=\"lazy\" width=\"1024\" height=\"683\" data-id=\"2207\"  src=\"https:\/\/www.hejkal.cz\/veletrh\/wp-content\/uploads\/2023\/11\/888_knizni-trh_2023_Hvizdala-Priban-beseda-autogramiada-1024x683.jpg\" alt=\"\" class=\"wp-image-2207\" srcset=\"http:\/\/www.hejkal.cz\/veletrh\/wp-content\/uploads\/2023\/11\/888_knizni-trh_2023_Hvizdala-Priban-beseda-autogramiada-1024x683.jpg 1024w, http:\/\/www.hejkal.cz\/veletrh\/wp-content\/uploads\/2023\/11\/888_knizni-trh_2023_Hvizdala-Priban-beseda-autogramiada-300x200.jpg 300w, http:\/\/www.hejkal.cz\/veletrh\/wp-content\/uploads\/2023\/11\/888_knizni-trh_2023_Hvizdala-Priban-beseda-autogramiada-768x512.jpg 768w\" sizes=\"(max-width: 1024px) 100vw, 1024px\" \/><\/figure>\n\n\n\n<figure class=\"wp-block-image size-large\"><img decoding=\"async\" loading=\"lazy\" width=\"1024\" height=\"683\" data-id=\"2206\"  src=\"https:\/\/www.hejkal.cz\/veletrh\/wp-content\/uploads\/2023\/11\/877_knizni-trh_2023_Hvizdala-Priban-beseda-autogramiada-1024x683.jpg\" alt=\"\" class=\"wp-image-2206\" srcset=\"http:\/\/www.hejkal.cz\/veletrh\/wp-content\/uploads\/2023\/11\/877_knizni-trh_2023_Hvizdala-Priban-beseda-autogramiada-1024x683.jpg 1024w, http:\/\/www.hejkal.cz\/veletrh\/wp-content\/uploads\/2023\/11\/877_knizni-trh_2023_Hvizdala-Priban-beseda-autogramiada-300x200.jpg 300w, http:\/\/www.hejkal.cz\/veletrh\/wp-content\/uploads\/2023\/11\/877_knizni-trh_2023_Hvizdala-Priban-beseda-autogramiada-768x512.jpg 768w\" sizes=\"(max-width: 1024px) 100vw, 1024px\" \/><\/figure>\n\n\n\n<figure class=\"wp-block-image size-large\"><img decoding=\"async\" loading=\"lazy\" width=\"1024\" height=\"683\" data-id=\"2205\"  src=\"https:\/\/www.hejkal.cz\/veletrh\/wp-content\/uploads\/2023\/11\/842_knizni-trh_2023_knihovna-Poncarova-Stastna-1024x683.jpg\" alt=\"\" class=\"wp-image-2205\" srcset=\"http:\/\/www.hejkal.cz\/veletrh\/wp-content\/uploads\/2023\/11\/842_knizni-trh_2023_knihovna-Poncarova-Stastna-1024x683.jpg 1024w, http:\/\/www.hejkal.cz\/veletrh\/wp-content\/uploads\/2023\/11\/842_knizni-trh_2023_knihovna-Poncarova-Stastna-300x200.jpg 300w, http:\/\/www.hejkal.cz\/veletrh\/wp-content\/uploads\/2023\/11\/842_knizni-trh_2023_knihovna-Poncarova-Stastna-768x512.jpg 768w\" sizes=\"(max-width: 1024px) 100vw, 1024px\" \/><\/figure>\n\n\n\n<figure class=\"wp-block-image size-large\"><img decoding=\"async\" loading=\"lazy\" width=\"1024\" height=\"683\" data-id=\"2204\"  src=\"https:\/\/www.hejkal.cz\/veletrh\/wp-content\/uploads\/2023\/11\/830_knizni-trh_2023_knihovna-Poncarova-Stastna-1024x683.jpg\" alt=\"\" class=\"wp-image-2204\" srcset=\"http:\/\/www.hejkal.cz\/veletrh\/wp-content\/uploads\/2023\/11\/830_knizni-trh_2023_knihovna-Poncarova-Stastna-1024x683.jpg 1024w, http:\/\/www.hejkal.cz\/veletrh\/wp-content\/uploads\/2023\/11\/830_knizni-trh_2023_knihovna-Poncarova-Stastna-300x200.jpg 300w, http:\/\/www.hejkal.cz\/veletrh\/wp-content\/uploads\/2023\/11\/830_knizni-trh_2023_knihovna-Poncarova-Stastna-768x512.jpg 768w\" sizes=\"(max-width: 1024px) 100vw, 1024px\" \/><\/figure>\n\n\n\n<figure class=\"wp-block-image size-large\"><img decoding=\"async\" loading=\"lazy\" width=\"1024\" height=\"683\" data-id=\"2208\"  src=\"https:\/\/www.hejkal.cz\/veletrh\/wp-content\/uploads\/2023\/11\/chodba-Pat\u0159i\u010dn\u00fd-1024x683.jpg\" alt=\"\" class=\"wp-image-2208\" srcset=\"http:\/\/www.hejkal.cz\/veletrh\/wp-content\/uploads\/2023\/11\/chodba-Pat\u0159i\u010dn\u00fd-1024x683.jpg 1024w, http:\/\/www.hejkal.cz\/veletrh\/wp-content\/uploads\/2023\/11\/chodba-Pat\u0159i\u010dn\u00fd-300x200.jpg 300w, http:\/\/www.hejkal.cz\/veletrh\/wp-content\/uploads\/2023\/11\/chodba-Pat\u0159i\u010dn\u00fd-768x512.jpg 768w\" sizes=\"(max-width: 1024px) 100vw, 1024px\" \/><\/figure>\n\n\n\n<figure class=\"wp-block-image size-large\"><img decoding=\"async\" loading=\"lazy\" width=\"1024\" height=\"683\" data-id=\"2209\"  src=\"https:\/\/www.hejkal.cz\/veletrh\/wp-content\/uploads\/2023\/11\/s\u00e1l-1024x683.jpg\" alt=\"\" class=\"wp-image-2209\" srcset=\"http:\/\/www.hejkal.cz\/veletrh\/wp-content\/uploads\/2023\/11\/s\u00e1l-1024x683.jpg 1024w, http:\/\/www.hejkal.cz\/veletrh\/wp-content\/uploads\/2023\/11\/s\u00e1l-300x200.jpg 300w, http:\/\/www.hejkal.cz\/veletrh\/wp-content\/uploads\/2023\/11\/s\u00e1l-768x512.jpg 768w\" sizes=\"(max-width: 1024px) 100vw, 1024px\" \/><\/figure>\n\n\n\n<figure class=\"wp-block-image size-large\"><img decoding=\"async\" loading=\"lazy\" width=\"1024\" height=\"683\" data-id=\"2210\"  src=\"https:\/\/www.hejkal.cz\/veletrh\/wp-content\/uploads\/2023\/11\/1280368-1024x683.jpg\" alt=\"\" class=\"wp-image-2210\" srcset=\"http:\/\/www.hejkal.cz\/veletrh\/wp-content\/uploads\/2023\/11\/1280368-1024x683.jpg 1024w, http:\/\/www.hejkal.cz\/veletrh\/wp-content\/uploads\/2023\/11\/1280368-300x200.jpg 300w, http:\/\/www.hejkal.cz\/veletrh\/wp-content\/uploads\/2023\/11\/1280368-768x512.jpg 768w\" sizes=\"(max-width: 1024px) 100vw, 1024px\" \/><\/figure>\n\n\n\n<figure class=\"wp-block-image size-large\"><img decoding=\"async\" loading=\"lazy\" width=\"1024\" height=\"683\" data-id=\"2211\"  src=\"https:\/\/www.hejkal.cz\/veletrh\/wp-content\/uploads\/2023\/11\/1280384-1024x683.jpg\" alt=\"\" class=\"wp-image-2211\" srcset=\"http:\/\/www.hejkal.cz\/veletrh\/wp-content\/uploads\/2023\/11\/1280384-1024x683.jpg 1024w, http:\/\/www.hejkal.cz\/veletrh\/wp-content\/uploads\/2023\/11\/1280384-300x200.jpg 300w, http:\/\/www.hejkal.cz\/veletrh\/wp-content\/uploads\/2023\/11\/1280384-768x512.jpg 768w\" sizes=\"(max-width: 1024px) 100vw, 1024px\" \/><\/figure>\n<\/figure>\n\n\n\n\n\n\n\n\n\n<figure class=\"wp-block-gallery has-nested-images columns-3 is-cropped wp-block-gallery-3 is-layout-flex\">\n<figure class=\"wp-block-image size-large\"><img decoding=\"async\" loading=\"lazy\" width=\"1024\" height=\"683\" data-id=\"2179\"  src=\"https:\/\/www.hejkal.cz\/veletrh\/wp-content\/uploads\/2023\/11\/\u010cR-Vyso\u010dina-1024x683.jpg\" alt=\"\" class=\"wp-image-2179\" srcset=\"http:\/\/www.hejkal.cz\/veletrh\/wp-content\/uploads\/2023\/11\/\u010cR-Vyso\u010dina-1024x683.jpg 1024w, http:\/\/www.hejkal.cz\/veletrh\/wp-content\/uploads\/2023\/11\/\u010cR-Vyso\u010dina-300x200.jpg 300w, http:\/\/www.hejkal.cz\/veletrh\/wp-content\/uploads\/2023\/11\/\u010cR-Vyso\u010dina-768x512.jpg 768w\" sizes=\"(max-width: 1024px) 100vw, 1024px\" \/><\/figure>\n\n\n\n<figure class=\"wp-block-image size-large\"><img decoding=\"async\" loading=\"lazy\" width=\"1024\" height=\"683\" data-id=\"2178\"  src=\"https:\/\/www.hejkal.cz\/veletrh\/wp-content\/uploads\/2023\/11\/n\u00e1kupy-v-s\u00e1le-1024x683.jpg\" alt=\"\" class=\"wp-image-2178\" srcset=\"http:\/\/www.hejkal.cz\/veletrh\/wp-content\/uploads\/2023\/11\/n\u00e1kupy-v-s\u00e1le-1024x683.jpg 1024w, http:\/\/www.hejkal.cz\/veletrh\/wp-content\/uploads\/2023\/11\/n\u00e1kupy-v-s\u00e1le-300x200.jpg 300w, http:\/\/www.hejkal.cz\/veletrh\/wp-content\/uploads\/2023\/11\/n\u00e1kupy-v-s\u00e1le-768x512.jpg 768w\" sizes=\"(max-width: 1024px) 100vw, 1024px\" \/><\/figure>\n\n\n\n<figure class=\"wp-block-image size-large\"><img decoding=\"async\" loading=\"lazy\" width=\"1024\" height=\"683\" data-id=\"2177\"  src=\"https:\/\/www.hejkal.cz\/veletrh\/wp-content\/uploads\/2023\/11\/\u017eiv\u00e9-studio-\u010cR-Vyso\u010dina-1024x683.jpg\" alt=\"\" class=\"wp-image-2177\" srcset=\"http:\/\/www.hejkal.cz\/veletrh\/wp-content\/uploads\/2023\/11\/\u017eiv\u00e9-studio-\u010cR-Vyso\u010dina-1024x683.jpg 1024w, http:\/\/www.hejkal.cz\/veletrh\/wp-content\/uploads\/2023\/11\/\u017eiv\u00e9-studio-\u010cR-Vyso\u010dina-300x200.jpg 300w, http:\/\/www.hejkal.cz\/veletrh\/wp-content\/uploads\/2023\/11\/\u017eiv\u00e9-studio-\u010cR-Vyso\u010dina-768x512.jpg 768w\" sizes=\"(max-width: 1024px) 100vw, 1024px\" \/><\/figure>\n\n\n\n<figure class=\"wp-block-image size-large\"><img decoding=\"async\" loading=\"lazy\" width=\"1024\" height=\"683\" data-id=\"2176\"  src=\"https:\/\/www.hejkal.cz\/veletrh\/wp-content\/uploads\/2023\/11\/salonek-2-1024x683.jpg\" alt=\"\" class=\"wp-image-2176\" srcset=\"http:\/\/www.hejkal.cz\/veletrh\/wp-content\/uploads\/2023\/11\/salonek-2-1024x683.jpg 1024w, http:\/\/www.hejkal.cz\/veletrh\/wp-content\/uploads\/2023\/11\/salonek-2-300x200.jpg 300w, http:\/\/www.hejkal.cz\/veletrh\/wp-content\/uploads\/2023\/11\/salonek-2-768x512.jpg 768w\" sizes=\"(max-width: 1024px) 100vw, 1024px\" \/><\/figure>\n\n\n\n<figure class=\"wp-block-image size-large\"><img decoding=\"async\" loading=\"lazy\" width=\"1024\" height=\"683\" data-id=\"2175\"  src=\"https:\/\/www.hejkal.cz\/veletrh\/wp-content\/uploads\/2023\/11\/Littera-Astronomica-1024x683.jpg\" alt=\"\" class=\"wp-image-2175\" srcset=\"http:\/\/www.hejkal.cz\/veletrh\/wp-content\/uploads\/2023\/11\/Littera-Astronomica-1024x683.jpg 1024w, http:\/\/www.hejkal.cz\/veletrh\/wp-content\/uploads\/2023\/11\/Littera-Astronomica-300x200.jpg 300w, http:\/\/www.hejkal.cz\/veletrh\/wp-content\/uploads\/2023\/11\/Littera-Astronomica-768x512.jpg 768w\" sizes=\"(max-width: 1024px) 100vw, 1024px\" \/><\/figure>\n\n\n\n<figure class=\"wp-block-image size-large\"><img decoding=\"async\" loading=\"lazy\" width=\"1024\" height=\"683\" data-id=\"2174\"  src=\"https:\/\/www.hejkal.cz\/veletrh\/wp-content\/uploads\/2023\/11\/schody-pohled-vzh\u016fru-1024x683.jpg\" alt=\"\" class=\"wp-image-2174\" srcset=\"http:\/\/www.hejkal.cz\/veletrh\/wp-content\/uploads\/2023\/11\/schody-pohled-vzh\u016fru-1024x683.jpg 1024w, http:\/\/www.hejkal.cz\/veletrh\/wp-content\/uploads\/2023\/11\/schody-pohled-vzh\u016fru-300x200.jpg 300w, http:\/\/www.hejkal.cz\/veletrh\/wp-content\/uploads\/2023\/11\/schody-pohled-vzh\u016fru-768x512.jpg 768w\" sizes=\"(max-width: 1024px) 100vw, 1024px\" \/><\/figure>\n\n\n\n<figure class=\"wp-block-image size-large\"><img decoding=\"async\" loading=\"lazy\" width=\"1024\" height=\"683\" data-id=\"2173\"  src=\"https:\/\/www.hejkal.cz\/veletrh\/wp-content\/uploads\/2023\/11\/tiskovka-s-M.-Vystr\u010dilem-1024x683.jpg\" alt=\"\" class=\"wp-image-2173\" srcset=\"http:\/\/www.hejkal.cz\/veletrh\/wp-content\/uploads\/2023\/11\/tiskovka-s-M.-Vystr\u010dilem-1024x683.jpg 1024w, http:\/\/www.hejkal.cz\/veletrh\/wp-content\/uploads\/2023\/11\/tiskovka-s-M.-Vystr\u010dilem-300x200.jpg 300w, http:\/\/www.hejkal.cz\/veletrh\/wp-content\/uploads\/2023\/11\/tiskovka-s-M.-Vystr\u010dilem-768x512.jpg 768w\" sizes=\"(max-width: 1024px) 100vw, 1024px\" \/><\/figure>\n\n\n\n<figure class=\"wp-block-image size-large\"><img decoding=\"async\" loading=\"lazy\" width=\"1024\" height=\"683\" data-id=\"2172\"  src=\"https:\/\/www.hejkal.cz\/veletrh\/wp-content\/uploads\/2023\/11\/LOS_-0216-1024x683.jpg\" alt=\"\" class=\"wp-image-2172\" srcset=\"http:\/\/www.hejkal.cz\/veletrh\/wp-content\/uploads\/2023\/11\/LOS_-0216-1024x683.jpg 1024w, http:\/\/www.hejkal.cz\/veletrh\/wp-content\/uploads\/2023\/11\/LOS_-0216-300x200.jpg 300w, http:\/\/www.hejkal.cz\/veletrh\/wp-content\/uploads\/2023\/11\/LOS_-0216-768x512.jpg 768w\" sizes=\"(max-width: 1024px) 100vw, 1024px\" \/><\/figure>\n\n\n\n<figure class=\"wp-block-image size-large\"><img decoding=\"async\" loading=\"lazy\" width=\"1024\" height=\"683\" data-id=\"2169\"  src=\"https:\/\/www.hejkal.cz\/veletrh\/wp-content\/uploads\/2023\/11\/762_knizni-trh_2023_knihovna-P.Pithata-1024x683.jpg\" alt=\"\" class=\"wp-image-2169\" srcset=\"http:\/\/www.hejkal.cz\/veletrh\/wp-content\/uploads\/2023\/11\/762_knizni-trh_2023_knihovna-P.Pithata-1024x683.jpg 1024w, http:\/\/www.hejkal.cz\/veletrh\/wp-content\/uploads\/2023\/11\/762_knizni-trh_2023_knihovna-P.Pithata-300x200.jpg 300w, http:\/\/www.hejkal.cz\/veletrh\/wp-content\/uploads\/2023\/11\/762_knizni-trh_2023_knihovna-P.Pithata-768x512.jpg 768w\" sizes=\"(max-width: 1024px) 100vw, 1024px\" \/><\/figure>\n\n\n\n<figure class=\"wp-block-image size-large\"><img decoding=\"async\" loading=\"lazy\" width=\"1024\" height=\"683\" data-id=\"2168\"  src=\"https:\/\/www.hejkal.cz\/veletrh\/wp-content\/uploads\/2023\/11\/617_knizni-trh_2023_autogramiada-Kalenda-1024x683.jpg\" alt=\"\" class=\"wp-image-2168\" srcset=\"http:\/\/www.hejkal.cz\/veletrh\/wp-content\/uploads\/2023\/11\/617_knizni-trh_2023_autogramiada-Kalenda-1024x683.jpg 1024w, http:\/\/www.hejkal.cz\/veletrh\/wp-content\/uploads\/2023\/11\/617_knizni-trh_2023_autogramiada-Kalenda-300x200.jpg 300w, http:\/\/www.hejkal.cz\/veletrh\/wp-content\/uploads\/2023\/11\/617_knizni-trh_2023_autogramiada-Kalenda-768x512.jpg 768w\" sizes=\"(max-width: 1024px) 100vw, 1024px\" \/><\/figure>\n\n\n\n<figure class=\"wp-block-image size-large\"><img decoding=\"async\" loading=\"lazy\" width=\"1024\" height=\"683\" data-id=\"2164\"  src=\"https:\/\/www.hejkal.cz\/veletrh\/wp-content\/uploads\/2023\/11\/514_knizni-trh_2023_knihovna-Hulova-cteni-1024x683.jpg\" alt=\"\" class=\"wp-image-2164\" srcset=\"http:\/\/www.hejkal.cz\/veletrh\/wp-content\/uploads\/2023\/11\/514_knizni-trh_2023_knihovna-Hulova-cteni-1024x683.jpg 1024w, http:\/\/www.hejkal.cz\/veletrh\/wp-content\/uploads\/2023\/11\/514_knizni-trh_2023_knihovna-Hulova-cteni-300x200.jpg 300w, http:\/\/www.hejkal.cz\/veletrh\/wp-content\/uploads\/2023\/11\/514_knizni-trh_2023_knihovna-Hulova-cteni-768x512.jpg 768w\" sizes=\"(max-width: 1024px) 100vw, 1024px\" \/><\/figure>\n\n\n\n<figure class=\"wp-block-image size-large\"><img decoding=\"async\" loading=\"lazy\" width=\"1024\" height=\"683\" data-id=\"2165\"  src=\"https:\/\/www.hejkal.cz\/veletrh\/wp-content\/uploads\/2023\/11\/528_knizni-trh_2023_knihovna-Hulova-cteni-1024x683.jpg\" alt=\"\" class=\"wp-image-2165\" srcset=\"http:\/\/www.hejkal.cz\/veletrh\/wp-content\/uploads\/2023\/11\/528_knizni-trh_2023_knihovna-Hulova-cteni-1024x683.jpg 1024w, http:\/\/www.hejkal.cz\/veletrh\/wp-content\/uploads\/2023\/11\/528_knizni-trh_2023_knihovna-Hulova-cteni-300x200.jpg 300w, http:\/\/www.hejkal.cz\/veletrh\/wp-content\/uploads\/2023\/11\/528_knizni-trh_2023_knihovna-Hulova-cteni-768x512.jpg 768w\" sizes=\"(max-width: 1024px) 100vw, 1024px\" \/><\/figure>\n\n\n\n<figure class=\"wp-block-image size-large\"><img decoding=\"async\" loading=\"lazy\" width=\"1024\" height=\"683\" data-id=\"2166\"  src=\"https:\/\/www.hejkal.cz\/veletrh\/wp-content\/uploads\/2023\/11\/585_knizni-trh_2023_knihovna-Mornstajnova-cteni-1024x683.jpg\" alt=\"\" class=\"wp-image-2166\" srcset=\"http:\/\/www.hejkal.cz\/veletrh\/wp-content\/uploads\/2023\/11\/585_knizni-trh_2023_knihovna-Mornstajnova-cteni-1024x683.jpg 1024w, http:\/\/www.hejkal.cz\/veletrh\/wp-content\/uploads\/2023\/11\/585_knizni-trh_2023_knihovna-Mornstajnova-cteni-300x200.jpg 300w, http:\/\/www.hejkal.cz\/veletrh\/wp-content\/uploads\/2023\/11\/585_knizni-trh_2023_knihovna-Mornstajnova-cteni-768x512.jpg 768w\" sizes=\"(max-width: 1024px) 100vw, 1024px\" \/><\/figure>\n\n\n\n<figure class=\"wp-block-image size-large\"><img decoding=\"async\" loading=\"lazy\" width=\"1024\" height=\"683\" data-id=\"2167\"  src=\"https:\/\/www.hejkal.cz\/veletrh\/wp-content\/uploads\/2023\/11\/594_knizni-trh_2023_knihovna-Mornstajnova-cteni-1024x683.jpg\" alt=\"\" class=\"wp-image-2167\" srcset=\"http:\/\/www.hejkal.cz\/veletrh\/wp-content\/uploads\/2023\/11\/594_knizni-trh_2023_knihovna-Mornstajnova-cteni-1024x683.jpg 1024w, http:\/\/www.hejkal.cz\/veletrh\/wp-content\/uploads\/2023\/11\/594_knizni-trh_2023_knihovna-Mornstajnova-cteni-300x200.jpg 300w, http:\/\/www.hejkal.cz\/veletrh\/wp-content\/uploads\/2023\/11\/594_knizni-trh_2023_knihovna-Mornstajnova-cteni-768x512.jpg 768w\" sizes=\"(max-width: 1024px) 100vw, 1024px\" \/><\/figure>\n\n\n\n<figure class=\"wp-block-image size-large\"><img decoding=\"async\" loading=\"lazy\" width=\"1024\" height=\"683\" data-id=\"2163\"  src=\"https:\/\/www.hejkal.cz\/veletrh\/wp-content\/uploads\/2023\/11\/443_knizni-trh_2023_cteni-Kabrtova-Bobek-1024x683.jpg\" alt=\"\" class=\"wp-image-2163\" srcset=\"http:\/\/www.hejkal.cz\/veletrh\/wp-content\/uploads\/2023\/11\/443_knizni-trh_2023_cteni-Kabrtova-Bobek-1024x683.jpg 1024w, http:\/\/www.hejkal.cz\/veletrh\/wp-content\/uploads\/2023\/11\/443_knizni-trh_2023_cteni-Kabrtova-Bobek-300x200.jpg 300w, http:\/\/www.hejkal.cz\/veletrh\/wp-content\/uploads\/2023\/11\/443_knizni-trh_2023_cteni-Kabrtova-Bobek-768x512.jpg 768w\" sizes=\"(max-width: 1024px) 100vw, 1024px\" \/><\/figure>\n\n\n\n<figure class=\"wp-block-image size-large\"><img decoding=\"async\" loading=\"lazy\" width=\"1024\" height=\"683\" data-id=\"2158\"  src=\"https:\/\/www.hejkal.cz\/veletrh\/wp-content\/uploads\/2023\/11\/velk\u00fd-s\u00e1l-Ostrov-1024x683.jpg\" alt=\"\" class=\"wp-image-2158\" srcset=\"http:\/\/www.hejkal.cz\/veletrh\/wp-content\/uploads\/2023\/11\/velk\u00fd-s\u00e1l-Ostrov-1024x683.jpg 1024w, http:\/\/www.hejkal.cz\/veletrh\/wp-content\/uploads\/2023\/11\/velk\u00fd-s\u00e1l-Ostrov-300x200.jpg 300w, http:\/\/www.hejkal.cz\/veletrh\/wp-content\/uploads\/2023\/11\/velk\u00fd-s\u00e1l-Ostrov-768x512.jpg 768w, http:\/\/www.hejkal.cz\/veletrh\/wp-content\/uploads\/2023\/11\/velk\u00fd-s\u00e1l-Ostrov.jpg 1500w\" sizes=\"(max-width: 1024px) 100vw, 1024px\" \/><\/figure>\n\n\n\n<figure class=\"wp-block-image size-large\"><img decoding=\"async\" loading=\"lazy\" width=\"1024\" height=\"683\" data-id=\"2159\"  src=\"https:\/\/www.hejkal.cz\/veletrh\/wp-content\/uploads\/2023\/11\/velk\u00e9-m\u00edsto-1024x683.jpg\" alt=\"\" class=\"wp-image-2159\" srcset=\"http:\/\/www.hejkal.cz\/veletrh\/wp-content\/uploads\/2023\/11\/velk\u00e9-m\u00edsto-1024x683.jpg 1024w, http:\/\/www.hejkal.cz\/veletrh\/wp-content\/uploads\/2023\/11\/velk\u00e9-m\u00edsto-300x200.jpg 300w, http:\/\/www.hejkal.cz\/veletrh\/wp-content\/uploads\/2023\/11\/velk\u00e9-m\u00edsto-768x512.jpg 768w, http:\/\/www.hejkal.cz\/veletrh\/wp-content\/uploads\/2023\/11\/velk\u00e9-m\u00edsto.jpg 1500w\" sizes=\"(max-width: 1024px) 100vw, 1024px\" \/><\/figure>\n\n\n\n<figure class=\"wp-block-image size-large\"><img decoding=\"async\" loading=\"lazy\" width=\"1024\" height=\"683\" data-id=\"2161\"  src=\"https:\/\/www.hejkal.cz\/veletrh\/wp-content\/uploads\/2023\/11\/225_knizni-trh_2023_1-1024x683.jpg\" alt=\"\" class=\"wp-image-2161\" srcset=\"http:\/\/www.hejkal.cz\/veletrh\/wp-content\/uploads\/2023\/11\/225_knizni-trh_2023_1-1024x683.jpg 1024w, http:\/\/www.hejkal.cz\/veletrh\/wp-content\/uploads\/2023\/11\/225_knizni-trh_2023_1-300x200.jpg 300w, http:\/\/www.hejkal.cz\/veletrh\/wp-content\/uploads\/2023\/11\/225_knizni-trh_2023_1-768x512.jpg 768w, http:\/\/www.hejkal.cz\/veletrh\/wp-content\/uploads\/2023\/11\/225_knizni-trh_2023_1.jpg 1500w\" sizes=\"(max-width: 1024px) 100vw, 1024px\" \/><\/figure>\n<\/figure>\n","protected":false},"excerpt":{"rendered":"<p>36. Podzimn\u00ed kni\u017en\u00ed veletrh bude 16. a 17. \u0159\u00edjna 2026 v Havl\u00ed\u010dkov\u011b Brod\u011b. Jeho motto zn\u00ed Knihy jsou geni\u00e1ln\u00ed p\u0159\u00edtelkyn\u011b. Podrobn\u00e9 informace se na t\u011bchto str\u00e1nk\u00e1ch za\u010dnou objevovat na ja\u0159e. 35. Podzimn\u00ed kni\u017en\u00ed veletrh p\u0159il\u00e1kal rekordn\u00ed po\u010det n\u00e1v\u0161t\u011bvn\u00edk\u016f Na 35. Podzimn\u00edm kni\u017en\u00edm veletrhu, kter\u00fd se konal 10. a 11. \u0159\u00edjna v Havl\u00ed\u010dkov\u011b Brod\u011b, vystavovalo a &hellip; <a href=\"http:\/\/www.hejkal.cz\/veletrh\/informace-pro-navstevniky\/\" class=\"more-link\">Pokra\u010dov\u00e1n\u00ed textu <span class=\"screen-reader-text\">Informace pro n\u00e1v\u0161t\u011bvn\u00edky<\/span><\/a><\/p>\n","protected":false},"author":3,"featured_media":0,"parent":0,"menu_order":0,"comment_status":"closed","ping_status":"closed","template":"","meta":[],"_links":{"self":[{"href":"http:\/\/www.hejkal.cz\/veletrh\/wp-json\/wp\/v2\/pages\/30"}],"collection":[{"href":"http:\/\/www.hejkal.cz\/veletrh\/wp-json\/wp\/v2\/pages"}],"about":[{"href":"http:\/\/www.hejkal.cz\/veletrh\/wp-json\/wp\/v2\/types\/page"}],"author":[{"embeddable":true,"href":"http:\/\/www.hejkal.cz\/veletrh\/wp-json\/wp\/v2\/users\/3"}],"replies":[{"embeddable":true,"href":"http:\/\/www.hejkal.cz\/veletrh\/wp-json\/wp\/v2\/comments?post=30"}],"version-history":[{"count":88,"href":"http:\/\/www.hejkal.cz\/veletrh\/wp-json\/wp\/v2\/pages\/30\/revisions"}],"predecessor-version":[{"id":3117,"href":"http:\/\/www.hejkal.cz\/veletrh\/wp-json\/wp\/v2\/pages\/30\/revisions\/3117"}],"wp:attachment":[{"href":"http:\/\/www.hejkal.cz\/veletrh\/wp-json\/wp\/v2\/media?parent=30"}],"curies":[{"name":"wp","href":"https:\/\/api.w.org\/{rel}","templated":true}]}}